{"id":7158,"date":"2024-05-09T23:46:01","date_gmt":"2024-05-09T23:46:01","guid":{"rendered":"https:\/\/atriumphilosophicum.es\/home\/?post_type=yada_wiki&#038;p=7158"},"modified":"2025-07-13T12:07:20","modified_gmt":"2025-07-13T12:07:20","slug":"caramuel-y-las-otras-modernidades","status":"publish","type":"yada_wiki","link":"https:\/\/atriumphilosophicum.es\/home\/wiki\/caramuel-y-las-otras-modernidades\/","title":{"rendered":"Caramuel y las otras Modernidades"},"content":{"rendered":"<p style=\"text-align: center;\"><span style=\"font-family: georgia, palatino, serif; font-size: 18pt;\"><b>Teolog\u00eda Moral Fundamental (1657)<br \/>\n<\/b><\/span><\/p>\n<p><img loading=\"lazy\" decoding=\"async\" class=\" wp-image-7159 aligncenter\" src=\"https:\/\/atriumphilosophicum.es\/wp-content\/uploads\/2024\/05\/Caramuel-01-184x300.jpeg\" alt=\"\" width=\"288\" height=\"470\" \/><\/p>\n<pre style=\"text-align: justify;\"><span style=\"font-family: georgia, palatino, serif; font-size: 12pt;\">CARAMUEL LOBKOWITZ, Juan. Ioannis Caramuel Theologiae \r\nmoralis fundamentalis, Lyon: Impreso por Laurentius\r\n Anisson &amp; Jean-Baptiste Devenet, 1657.<\/span><\/pre>\n<p style=\"text-align: justify;\"><span style=\"font-family: georgia, palatino, serif; font-size: 12pt;\">Saber lat\u00edn, \u00bfpara qu\u00e9? Para leer toda nuestra segunda escol\u00e1stica \u2013la Modernidad hispana y del Barroco cat\u00f3lico tan importante o m\u00e1s que la cartesiana\u2013 que est\u00e1 en un 99% sin traducir, nadie va a traducir\u2026 ni es accesible de otro modo.<\/span><\/p>\n<p style=\"text-align: justify;\"><span style=\"font-family: georgia, palatino, serif; font-size: 12pt;\">Un peque\u00f1o enigma que le propone al lector <a href=\"https:\/\/es.wikipedia.org\/wiki\/Juan_Caramuel\">Juan Caramuel<\/a> \u2013el erudito y pol\u00edgrafo espa\u00f1ol al que Leibniz le plagi\u00f3 el c\u00f3digo binario de numeraci\u00f3n\u2013 en su Theologia moralis fundamentalis. \u00bfPor qu\u00e9 5. 1. 3. 4. 2. 6.?<\/span><\/p>\n<p style=\"text-align: justify;\"><span style=\"font-family: georgia, palatino, serif; font-size: 12pt;\">Este tratado de Juan Caramuel es una muestra entre miles de la incre\u00edble modernidad y agudeza de la escol\u00e1stica hispana, que nada tiene que envidiar a otras filosof\u00edas nacionales.<\/span><\/p>\n<p><img loading=\"lazy\" decoding=\"async\" class=\" wp-image-7160 aligncenter\" src=\"https:\/\/atriumphilosophicum.es\/wp-content\/uploads\/2024\/05\/Caramuel-02-187x300.jpeg\" alt=\"\" width=\"325\" height=\"521\" srcset=\"https:\/\/atriumphilosophicum.es\/wp-content\/uploads\/2024\/05\/Caramuel-02-187x300.jpeg 187w, https:\/\/atriumphilosophicum.es\/wp-content\/uploads\/2024\/05\/Caramuel-02-638x1024.jpeg 638w, https:\/\/atriumphilosophicum.es\/wp-content\/uploads\/2024\/05\/Caramuel-02-300x481.jpeg 300w, https:\/\/atriumphilosophicum.es\/wp-content\/uploads\/2024\/05\/Caramuel-02.jpeg 720w\" sizes=\"auto, (max-width: 325px) 100vw, 325px\" \/><\/p>\n<p>&nbsp;<\/p>\n<p>&nbsp;<\/p>\n<p style=\"text-align: right;\"><strong><span style=\"font-family: georgia, palatino, serif; font-size: 14pt; color: #000080;\">L\u012aB\u0100MENTA <\/span><a href=\"https:\/\/atriumphilosophicum.es\/home\/wiki\/libamenta\/\"><span style=\"font-family: georgia, palatino, serif; font-size: 14pt;\">***<\/span><\/a><\/strong><\/p>\n<p>&nbsp;<\/p>\n<p>&nbsp;<\/p>\n","protected":false},"author":2,"featured_media":7054,"comment_status":"closed","ping_status":"closed","template":"","meta":{"om_disable_all_campaigns":false,"_monsterinsights_skip_tracking":false,"_monsterinsights_sitenote_active":false,"_monsterinsights_sitenote_note":"","_monsterinsights_sitenote_category":0,"_uf_show_specific_survey":0,"_uf_disable_surveys":false,"footnotes":""},"wiki_cats":[26],"wiki_tags":[],"class_list":["post-7158","yada_wiki","type-yada_wiki","status-publish","has-post-thumbnail","hentry","wiki_cats-libamenta"],"aioseo_notices":[],"_links":{"self":[{"href":"https:\/\/atriumphilosophicum.es\/home\/wp-json\/wp\/v2\/yada_wiki\/7158","targetHints":{"allow":["GET"]}}],"collection":[{"href":"https:\/\/atriumphilosophicum.es\/home\/wp-json\/wp\/v2\/yada_wiki"}],"about":[{"href":"https:\/\/atriumphilosophicum.es\/home\/wp-json\/wp\/v2\/types\/yada_wiki"}],"author":[{"embeddable":true,"href":"https:\/\/atriumphilosophicum.es\/home\/wp-json\/wp\/v2\/users\/2"}],"replies":[{"embeddable":true,"href":"https:\/\/atriumphilosophicum.es\/home\/wp-json\/wp\/v2\/comments?post=7158"}],"version-history":[{"count":6,"href":"https:\/\/atriumphilosophicum.es\/home\/wp-json\/wp\/v2\/yada_wiki\/7158\/revisions"}],"predecessor-version":[{"id":12945,"href":"https:\/\/atriumphilosophicum.es\/home\/wp-json\/wp\/v2\/yada_wiki\/7158\/revisions\/12945"}],"wp:featuredmedia":[{"embeddable":true,"href":"https:\/\/atriumphilosophicum.es\/home\/wp-json\/wp\/v2\/media\/7054"}],"wp:attachment":[{"href":"https:\/\/atriumphilosophicum.es\/home\/wp-json\/wp\/v2\/media?parent=7158"}],"wp:term":[{"taxonomy":"wiki_cats","embeddable":true,"href":"https:\/\/atriumphilosophicum.es\/home\/wp-json\/wp\/v2\/wiki_cats?post=7158"},{"taxonomy":"wiki_tags","embeddable":true,"href":"https:\/\/atriumphilosophicum.es\/home\/wp-json\/wp\/v2\/wiki_tags?post=7158"}],"curies":[{"name":"wp","href":"https:\/\/api.w.org\/{rel}","templated":true}]}}